{"id":487,"date":"2011-11-12T00:23:02","date_gmt":"2011-11-11T23:23:02","guid":{"rendered":"http:\/\/www.feuerwehr-heuchelheim.de\/?page_id=487"},"modified":"2020-08-20T17:35:36","modified_gmt":"2020-08-20T15:35:36","slug":"geraetewagen-wasser","status":"publish","type":"page","link":"https:\/\/www.feuerwehr-heuchelheim.de\/?page_id=487","title":{"rendered":"Ger\u00e4tewagen Wasserrettung"},"content":{"rendered":"\n<figure class=\"wp-block-image size-large\"><img loading=\"lazy\" decoding=\"async\" width=\"605\" height=\"397\" src=\"https:\/\/www.feuerwehr-heuchelheim.de\/wp-content\/uploads\/2020\/08\/image-4.png\" alt=\"\" class=\"wp-image-1902\" srcset=\"https:\/\/www.feuerwehr-heuchelheim.de\/wp-content\/uploads\/2020\/08\/image-4.png 605w, https:\/\/www.feuerwehr-heuchelheim.de\/wp-content\/uploads\/2020\/08\/image-4-300x197.png 300w\" sizes=\"auto, (max-width: 605px) 100vw, 605px\" \/><\/figure>\n\n\n\n<p><strong>Ger\u00e4tewagen Licht- und Wasserrettung<\/strong><\/p>\n\n\n\n<p><strong>Funkrufnamen:&nbsp;&nbsp;&nbsp;&nbsp;&nbsp;&nbsp;&nbsp;&nbsp; <\/strong>Florian Heuchelheim 64-2<\/p>\n\n\n\n<p><strong>Fahrgestell: &nbsp; &nbsp;&nbsp;&nbsp;&nbsp;&nbsp;&nbsp;&nbsp;&nbsp;&nbsp;&nbsp;&nbsp; <\/strong>Mercedes Benz U 1300 L<\/p>\n\n\n\n<p><strong>Aufbau:<\/strong>&nbsp;&nbsp;&nbsp;&nbsp;&nbsp;&nbsp;&nbsp;&nbsp;&nbsp;&nbsp;&nbsp;&nbsp;&nbsp;&nbsp;&nbsp;&nbsp;&nbsp;&nbsp;&nbsp;&nbsp;&nbsp; Metz<\/p>\n\n\n\n<p><strong>Baujahr:&nbsp;&nbsp;&nbsp;&nbsp;&nbsp;&nbsp;&nbsp;&nbsp;&nbsp;&nbsp;&nbsp;&nbsp;&nbsp;&nbsp;&nbsp;&nbsp;&nbsp;&nbsp;&nbsp;&nbsp; <\/strong>1984<\/p>\n\n\n\n<p><strong>Indienststellung:&nbsp;&nbsp;&nbsp;&nbsp;&nbsp;&nbsp; <\/strong>1984<\/p>\n\n\n\n<p><strong>Besatzung:&nbsp;&nbsp;&nbsp;&nbsp;&nbsp;&nbsp;&nbsp;&nbsp;&nbsp;&nbsp;&nbsp;&nbsp;&nbsp;&nbsp;&nbsp; <\/strong>1\/8 (1 Gruppenf\u00fchrer, 8 Besatzungsmitglieder)<\/p>\n\n\n\n<p><strong>Beschreibung:<\/strong><\/p>\n\n\n\n<p>Der Ger\u00e4tewagen Licht- und Wasserrettung wurde in Eigenregie von einem L\u00f6schgruppenfahrzeug 8 zum heutigen Einsatzzweck umger\u00fcstet. Durch das gel\u00e4ndeg\u00e4ngige Fahrgestell k\u00f6nnen mit dem Fahrzeug fast alle Stellen der Gemeinde Heuchelheim an der Lahn erreicht werden. Das Fahrzeug dient prim\u00e4r zur Ausleuchtung von Einsatzstellen und der Wasserrettung. Weiterhin befindet sich auf dem Fahrzeug Material f\u00fcr Unwetterlagen. Das Fahrzeug wird au\u00dferdem f\u00fcr die Jugendarbeit genutzt.<\/p>\n\n\n\n<p><strong>Beladung Brandeinsatz:<\/strong><\/p>\n\n\n\n<ul class=\"wp-block-list\"><li>Diverse Schl\u00e4uche und Armaturen<\/li><li>1 Mehrzweckleiter<\/li><\/ul>\n\n\n\n<p><strong>Beladung Technische Hilfeleistung:<\/strong><\/p>\n\n\n\n<ul class=\"wp-block-list\"><li>Diverse Pumpen<\/li><li>1 Motorkettens\u00e4ge<\/li><li>1 Stromerzeuger<\/li><li>Beleuchtungsmittel<\/li><li>2 Nasssauger<\/li><li>1 Schnelleinsatzboot<\/li><li>4 Wasserrettungsanz\u00fcge<\/li><li>9 selbstaufblasende Rettungswesten<\/li><li>4 Wurfleinen<\/li><li>1 Rettungsboje<\/li><\/ul>\n","protected":false},"excerpt":{"rendered":"<p>Ger\u00e4tewagen Licht- und Wasserrettung Funkrufnamen:&nbsp;&nbsp;&nbsp;&nbsp;&nbsp;&nbsp;&nbsp;&nbsp; Florian Heuchelheim 64-2 Fahrgestell: &nbsp; &nbsp;&nbsp;&nbsp;&nbsp;&nbsp;&nbsp;&nbsp;&nbsp;&nbsp;&nbsp;&nbsp; Mercedes Benz U 1300 L Aufbau:&nbsp;&nbsp;&nbsp;&nbsp;&nbsp;&nbsp;&nbsp;&nbsp;&nbsp;&nbsp;&nbsp;&nbsp;&nbsp;&nbsp;&nbsp;&nbsp;&nbsp;&nbsp;&nbsp;&nbsp;&nbsp; Metz Baujahr:&nbsp;&nbsp;&nbsp;&nbsp;&nbsp;&nbsp;&nbsp;&nbsp;&nbsp;&nbsp;&nbsp;&nbsp;&nbsp;&nbsp;&nbsp;&nbsp;&nbsp;&nbsp;&nbsp;&nbsp; 1984 Indienststellung:&nbsp;&nbsp;&nbsp;&nbsp;&nbsp;&nbsp; 1984 Besatzung:&nbsp;&nbsp;&nbsp;&nbsp;&nbsp;&nbsp;&nbsp;&nbsp;&nbsp;&nbsp;&nbsp;&nbsp;&nbsp;&nbsp;&nbsp; 1\/8 (1 Gruppenf\u00fchrer, 8 Besatzungsmitglieder) Beschreibung: Der Ger\u00e4tewagen Licht- und Wasserrettung wurde in Eigenregie von einem L\u00f6schgruppenfahrzeug 8 zum heutigen Einsatzzweck umger\u00fcstet. Durch das gel\u00e4ndeg\u00e4ngige Fahrgestell k\u00f6nnen mit dem Fahrzeug fast alle [&hellip;]<\/p>\n","protected":false},"author":1,"featured_media":0,"parent":413,"menu_order":5,"comment_status":"closed","ping_status":"closed","template":"","meta":{"footnotes":""},"class_list":["post-487","page","type-page","status-publish","hentry"],"_links":{"self":[{"href":"https:\/\/www.feuerwehr-heuchelheim.de\/index.php?rest_route=\/wp\/v2\/pages\/487","targetHints":{"allow":["GET"]}}],"collection":[{"href":"https:\/\/www.feuerwehr-heuchelheim.de\/index.php?rest_route=\/wp\/v2\/pages"}],"about":[{"href":"https:\/\/www.feuerwehr-heuchelheim.de\/index.php?rest_route=\/wp\/v2\/types\/page"}],"author":[{"embeddable":true,"href":"https:\/\/www.feuerwehr-heuchelheim.de\/index.php?rest_route=\/wp\/v2\/users\/1"}],"replies":[{"embeddable":true,"href":"https:\/\/www.feuerwehr-heuchelheim.de\/index.php?rest_route=%2Fwp%2Fv2%2Fcomments&post=487"}],"version-history":[{"count":2,"href":"https:\/\/www.feuerwehr-heuchelheim.de\/index.php?rest_route=\/wp\/v2\/pages\/487\/revisions"}],"predecessor-version":[{"id":1903,"href":"https:\/\/www.feuerwehr-heuchelheim.de\/index.php?rest_route=\/wp\/v2\/pages\/487\/revisions\/1903"}],"up":[{"embeddable":true,"href":"https:\/\/www.feuerwehr-heuchelheim.de\/index.php?rest_route=\/wp\/v2\/pages\/413"}],"wp:attachment":[{"href":"https:\/\/www.feuerwehr-heuchelheim.de\/index.php?rest_route=%2Fwp%2Fv2%2Fmedia&parent=487"}],"curies":[{"name":"wp","href":"https:\/\/api.w.org\/{rel}","templated":true}]}}